{"id":928,"date":"2023-07-09T14:24:04","date_gmt":"2023-07-09T14:24:04","guid":{"rendered":"http:\/\/www.musik-zum-tagesausklang.de\/?page_id=928"},"modified":"2023-07-09T14:24:04","modified_gmt":"2023-07-09T14:24:04","slug":"30-september-2023","status":"publish","type":"page","link":"http:\/\/www.musik-zum-tagesausklang.de\/?page_id=928","title":{"rendered":"30. September 2023"},"content":{"rendered":"<h5><img loading=\"lazy\" decoding=\"async\" class=\"alignright size-medium wp-image-728\" src=\"http:\/\/www.musik-zum-tagesausklang.de\/wp-content\/uploads\/2021\/07\/Hauptorgel-MaH-300x200.jpg\" alt=\"\" width=\"300\" height=\"200\" srcset=\"http:\/\/www.musik-zum-tagesausklang.de\/wp-content\/uploads\/2021\/07\/Hauptorgel-MaH-300x200.jpg 300w, http:\/\/www.musik-zum-tagesausklang.de\/wp-content\/uploads\/2021\/07\/Hauptorgel-MaH-1024x683.jpg 1024w, http:\/\/www.musik-zum-tagesausklang.de\/wp-content\/uploads\/2021\/07\/Hauptorgel-MaH-768x512.jpg 768w, http:\/\/www.musik-zum-tagesausklang.de\/wp-content\/uploads\/2021\/07\/Hauptorgel-MaH-1536x1024.jpg 1536w, http:\/\/www.musik-zum-tagesausklang.de\/wp-content\/uploads\/2021\/07\/Hauptorgel-MaH-2048x1365.jpg 2048w\" sizes=\"auto, (max-width: 300px) 100vw, 300px\" \/>Samstag, 30. September 2023 \/ 19.00 Uhr<br \/>\nStadtpfarrkirche Mariae Himmelfahrt<\/h5>\n<h5>&nbsp;<\/h5>\n<p>&nbsp;<\/p>\n<p>&nbsp;<\/p>\n<h4>B-A-C-H<br \/>\nZwei Halbtonschritte &#8211; Ein Name voller Musik<\/h4>\n<div class=\"o9v6fnle cxmmr5t8 oygrvhab hcukyx3x c1et5uql\">&nbsp;<\/div>\n<div>&nbsp;<\/div>\n<p>CHORORGEL<\/p>\n<p>&nbsp;<\/p>\n<p>Johann Sebastian BACH<br \/>\n(1685 &#8211; 1750)<br \/>\nPr\u00e4ludium und Fuge B-Dur \u00fcber den Namen B-A-C-H<br \/>\nBWV 898<\/p>\n<p>&nbsp;<\/p>\n<p>&nbsp;<\/p>\n<p>Johann Ludwig KREBS<br \/>\n(1713 &#8211; 1780)<br \/>\nFuge \u00fcber den Namen BACH<br \/>\nKrebs-WV 434<\/p>\n<p>&nbsp;<\/p>\n<p><i>&nbsp;<\/i><\/p>\n<p><i>&nbsp;<\/i><\/p>\n<p>HAUPTORGEL<\/p>\n<p>&nbsp;<\/p>\n<p>Robert SCHUMANN<br \/>\n(1810 &#8211; 1856)<br \/>\nSechs Fugen \u00fcber den Namen BACH<br \/>\nop. 60<br \/>\n<i>Fuge Nr. I B-Dur<br \/>\n<\/i><i>Fuge Nr. III g-Moll<\/i><\/p>\n<p>&nbsp;<\/p>\n<p>&nbsp;<\/p>\n<p>Franz LISZT<br \/>\n(1811 &#8211; 1886)<br \/>\nPr\u00e4ludium und Fuge \u00fcber den Namen B-A-C-H<br \/>\nS 260<\/p>\n<p>&nbsp;<\/p>\n<p>&nbsp;<\/p>\n<div>&nbsp;<\/div>\n<p>__________________________________________________<\/p>\n<p><em>Andreas Wiesmann, Orgel<\/em><\/p>\n","protected":false},"excerpt":{"rendered":"<p>Samstag, 30. September 2023 \/ 19.00 Uhr Stadtpfarrkirche Mariae Himmelfahrt &nbsp; &nbsp; &nbsp; B-A-C-H Zwei Halbtonschritte &#8211; Ein Name voller Musik &nbsp; &nbsp; CHORORGEL &nbsp; Johann Sebastian BACH (1685 &#8211; 1750) Pr\u00e4ludium und Fuge B-Dur \u00fcber den Namen B-A-C-H BWV 898 &nbsp; &nbsp; Johann Ludwig KREBS (1713 &#8211; 1780) Fuge \u00fcber den Namen BACH Krebs-WV 434 &nbsp; &nbsp; &nbsp; HAUPTORGEL &nbsp; Robert SCHUMANN (1810 &#8211; 1856) Sechs Fugen \u00fcber den Namen BACH op. 60 Fuge Nr. I B-Dur Fuge Nr. &hellip; <\/p>\n","protected":false},"author":1,"featured_media":0,"parent":0,"menu_order":0,"comment_status":"closed","ping_status":"closed","template":"","meta":{"ngg_post_thumbnail":0,"footnotes":""},"class_list":["post-928","page","type-page","status-publish","hentry"],"_links":{"self":[{"href":"http:\/\/www.musik-zum-tagesausklang.de\/index.php?rest_route=\/wp\/v2\/pages\/928","targetHints":{"allow":["GET"]}}],"collection":[{"href":"http:\/\/www.musik-zum-tagesausklang.de\/index.php?rest_route=\/wp\/v2\/pages"}],"about":[{"href":"http:\/\/www.musik-zum-tagesausklang.de\/index.php?rest_route=\/wp\/v2\/types\/page"}],"author":[{"embeddable":true,"href":"http:\/\/www.musik-zum-tagesausklang.de\/index.php?rest_route=\/wp\/v2\/users\/1"}],"replies":[{"embeddable":true,"href":"http:\/\/www.musik-zum-tagesausklang.de\/index.php?rest_route=%2Fwp%2Fv2%2Fcomments&post=928"}],"version-history":[{"count":1,"href":"http:\/\/www.musik-zum-tagesausklang.de\/index.php?rest_route=\/wp\/v2\/pages\/928\/revisions"}],"predecessor-version":[{"id":929,"href":"http:\/\/www.musik-zum-tagesausklang.de\/index.php?rest_route=\/wp\/v2\/pages\/928\/revisions\/929"}],"wp:attachment":[{"href":"http:\/\/www.musik-zum-tagesausklang.de\/index.php?rest_route=%2Fwp%2Fv2%2Fmedia&parent=928"}],"curies":[{"name":"wp","href":"https:\/\/api.w.org\/{rel}","templated":true}]}}