{"id":92,"date":"2019-01-22T10:17:27","date_gmt":"2019-01-22T10:17:27","guid":{"rendered":"http:\/\/musik-zum-tagesausklang.de\/?page_id=92"},"modified":"2019-01-23T20:57:19","modified_gmt":"2019-01-23T20:57:19","slug":"23-februar-2019","status":"publish","type":"page","link":"http:\/\/www.musik-zum-tagesausklang.de\/?page_id=92","title":{"rendered":"23. Februar 2019"},"content":{"rendered":"<h5>Samstag, 23. Februar 2019 \/ 19.00 Uhr<img loading=\"lazy\" decoding=\"async\" class=\"size-medium wp-image-203 alignright\" src=\"http:\/\/musik-zum-tagesausklang.de\/wp-content\/uploads\/2019\/01\/Katharina_Ehlich-e1548271622554-225x300.jpg\" alt=\"\" width=\"225\" height=\"300\" srcset=\"http:\/\/www.musik-zum-tagesausklang.de\/wp-content\/uploads\/2019\/01\/Katharina_Ehlich-e1548271622554-225x300.jpg 225w, http:\/\/www.musik-zum-tagesausklang.de\/wp-content\/uploads\/2019\/01\/Katharina_Ehlich-e1548271622554.jpg 450w\" sizes=\"auto, (max-width: 225px) 100vw, 225px\" \/><br \/>\nStadtpfarrkirche \u201eMariae Himmelfahrt\u201c<\/h5>\n<h4>Heitere Musik im Fasching:<br \/>\nFl\u00f6te und Orgel<\/h4>\n<p>&nbsp;<\/p>\n<p>Franz DANZI<br \/>\n(1763 &#8211; 1826)<br \/>\nFl\u00f6tenkonzert Nr. 2 d-Moll<br \/>\nop. 31<br \/>\n<em>Allegro<\/em><br \/>\n<em>Larghetto non troppo<\/em><\/p>\n<p>&nbsp;<\/p>\n<p>Paul-Agricole G\u00c9NIN<br \/>\n(1832 &#8211; 1903)<br \/>\nCarnaval de Venise<br \/>\nop. 14<\/p>\n<p>&nbsp;<\/p>\n<p>__________________________________________________<\/p>\n<p><em>Katharina Ehlich, Fl\u00f6te<\/em><br \/>\n<em>Andreas Wiesmann, Orgel<\/em><\/p>\n","protected":false},"excerpt":{"rendered":"<p>Samstag, 23. Februar 2019 \/ 19.00 Uhr Stadtpfarrkirche \u201eMariae Himmelfahrt\u201c Heitere Musik im Fasching: Fl\u00f6te und Orgel &nbsp; Franz DANZI (1763 &#8211; 1826) Fl\u00f6tenkonzert Nr. 2 d-Moll op. 31 Allegro Larghetto non troppo &nbsp; Paul-Agricole G\u00c9NIN (1832 &#8211; 1903) Carnaval de Venise op. 14 &nbsp; __________________________________________________ Katharina Ehlich, Fl\u00f6te Andreas Wiesmann, Orgel<\/p>\n","protected":false},"author":1,"featured_media":0,"parent":0,"menu_order":0,"comment_status":"closed","ping_status":"closed","template":"","meta":{"ngg_post_thumbnail":0,"footnotes":""},"class_list":["post-92","page","type-page","status-publish","hentry"],"_links":{"self":[{"href":"http:\/\/www.musik-zum-tagesausklang.de\/index.php?rest_route=\/wp\/v2\/pages\/92","targetHints":{"allow":["GET"]}}],"collection":[{"href":"http:\/\/www.musik-zum-tagesausklang.de\/index.php?rest_route=\/wp\/v2\/pages"}],"about":[{"href":"http:\/\/www.musik-zum-tagesausklang.de\/index.php?rest_route=\/wp\/v2\/types\/page"}],"author":[{"embeddable":true,"href":"http:\/\/www.musik-zum-tagesausklang.de\/index.php?rest_route=\/wp\/v2\/users\/1"}],"replies":[{"embeddable":true,"href":"http:\/\/www.musik-zum-tagesausklang.de\/index.php?rest_route=%2Fwp%2Fv2%2Fcomments&post=92"}],"version-history":[{"count":6,"href":"http:\/\/www.musik-zum-tagesausklang.de\/index.php?rest_route=\/wp\/v2\/pages\/92\/revisions"}],"predecessor-version":[{"id":206,"href":"http:\/\/www.musik-zum-tagesausklang.de\/index.php?rest_route=\/wp\/v2\/pages\/92\/revisions\/206"}],"wp:attachment":[{"href":"http:\/\/www.musik-zum-tagesausklang.de\/index.php?rest_route=%2Fwp%2Fv2%2Fmedia&parent=92"}],"curies":[{"name":"wp","href":"https:\/\/api.w.org\/{rel}","templated":true}]}}