{"id":870,"date":"2023-02-09T17:53:36","date_gmt":"2023-02-09T17:53:36","guid":{"rendered":"http:\/\/www.musik-zum-tagesausklang.de\/?page_id=870"},"modified":"2023-06-03T18:33:57","modified_gmt":"2023-06-03T18:33:57","slug":"24-juni-2023","status":"publish","type":"page","link":"http:\/\/www.musik-zum-tagesausklang.de\/?page_id=870","title":{"rendered":"24. Juni 2023"},"content":{"rendered":"<h5><img loading=\"lazy\" decoding=\"async\" class=\"alignright wp-image-916 size-medium\" src=\"http:\/\/www.musik-zum-tagesausklang.de\/wp-content\/uploads\/2023\/06\/DSC00872-300x200.jpg\" alt=\"\" width=\"300\" height=\"200\" srcset=\"http:\/\/www.musik-zum-tagesausklang.de\/wp-content\/uploads\/2023\/06\/DSC00872-300x200.jpg 300w, http:\/\/www.musik-zum-tagesausklang.de\/wp-content\/uploads\/2023\/06\/DSC00872-1024x683.jpg 1024w, http:\/\/www.musik-zum-tagesausklang.de\/wp-content\/uploads\/2023\/06\/DSC00872-768x512.jpg 768w, http:\/\/www.musik-zum-tagesausklang.de\/wp-content\/uploads\/2023\/06\/DSC00872-1536x1024.jpg 1536w, http:\/\/www.musik-zum-tagesausklang.de\/wp-content\/uploads\/2023\/06\/DSC00872-2048x1365.jpg 2048w\" sizes=\"auto, (max-width: 300px) 100vw, 300px\" \/>Samstag, 24. Juni 2023 \/ 19.00 Uhr<br \/>\nStadtpfarrkirche Mariae Himmelfahrt<\/h5>\n<h5>&nbsp;<\/h5>\n<p>&nbsp;<\/p>\n<p>&nbsp;<\/p>\n<h4>Musik f\u00fcr vier Fl\u00f6ten<\/h4>\n<div class=\"o9v6fnle cxmmr5t8 oygrvhab hcukyx3x c1et5uql\">&nbsp;<\/div>\n<div>&nbsp;<\/div>\n<p>&nbsp;<\/p>\n<p>Wolfgang Amadeus MOZART<br \/>\n(1756 &#8211; 1791)<br \/>\nOuvert\u00fcre aus der Oper \u201eDie Zauberfl\u00f6te\u201c<br \/>\nKV 620<br \/>\nBearbeitung f\u00fcr 4 Fl\u00f6ten<\/p>\n<p>&nbsp;<\/p>\n<p>&nbsp;<\/p>\n<p>Marc BERTHOMIEU<br \/>\n(1906 &#8211; 1991)<br \/>\nChats<br \/>\n<em>Persan Bleu<\/em><br \/>\n<em>Puma<\/em><br \/>\n<em>Siamois<\/em><br \/>\n<em>Lynx<\/em><\/p>\n<p>&nbsp;<\/p>\n<p>&nbsp;<\/p>\n<p>Marc BERTHOMIEU<br \/>\n(1906 &#8211; 1991)<br \/>\nArcadie<br \/>\n<em>Bergers \u2013 Die Sch\u00e4fer<\/em><\/p>\n<p>&nbsp;<\/p>\n<p>&nbsp;<\/p>\n<p>Anton REICHA<br \/>\n(1770 &#8211; 1836)<br \/>\nQuartett D-Dur f\u00fcr 4 Fl\u00f6ten<br \/>\nop. 12<br \/>\n<em>Allegro<\/em><br \/>\n<em>Andante<\/em><\/p>\n<p>&nbsp;<\/p>\n<p>&nbsp;<\/p>\n<p>Jacques CAST\u00c9R\u00c8DE<br \/>\n(1926 &#8211; 2014)<br \/>\nFl\u00fbtes L\u00e9g\u00e8res \u2013 Allegretto con spirito<\/p>\n<p>&nbsp;<\/p>\n<p>__________________________________________________<\/p>\n<p><i>Fl\u00f6tenquartett:<\/i><\/p>\n<p><i>Katharina Ehlich<br \/>\n<\/i><i>Patricia Graf<br \/>\n<\/i><i>Maria Sauer<br \/>\n<\/i><i>Juliane Aschenbrenner<\/i><\/p>\n","protected":false},"excerpt":{"rendered":"<p>Samstag, 24. Juni 2023 \/ 19.00 Uhr Stadtpfarrkirche Mariae Himmelfahrt &nbsp; &nbsp; &nbsp; Musik f\u00fcr vier Fl\u00f6ten &nbsp; &nbsp; &nbsp; Wolfgang Amadeus MOZART (1756 &#8211; 1791) Ouvert\u00fcre aus der Oper \u201eDie Zauberfl\u00f6te\u201c KV 620 Bearbeitung f\u00fcr 4 Fl\u00f6ten &nbsp; &nbsp; Marc BERTHOMIEU (1906 &#8211; 1991) Chats Persan Bleu Puma Siamois Lynx &nbsp; &nbsp; Marc BERTHOMIEU (1906 &#8211; 1991) Arcadie Bergers \u2013 Die Sch\u00e4fer &nbsp; &nbsp; Anton REICHA (1770 &#8211; 1836) Quartett D-Dur f\u00fcr 4 Fl\u00f6ten op. 12 Allegro Andante &nbsp; &hellip; <\/p>\n","protected":false},"author":1,"featured_media":0,"parent":0,"menu_order":0,"comment_status":"closed","ping_status":"closed","template":"","meta":{"ngg_post_thumbnail":0,"footnotes":""},"class_list":["post-870","page","type-page","status-publish","hentry"],"_links":{"self":[{"href":"http:\/\/www.musik-zum-tagesausklang.de\/index.php?rest_route=\/wp\/v2\/pages\/870","targetHints":{"allow":["GET"]}}],"collection":[{"href":"http:\/\/www.musik-zum-tagesausklang.de\/index.php?rest_route=\/wp\/v2\/pages"}],"about":[{"href":"http:\/\/www.musik-zum-tagesausklang.de\/index.php?rest_route=\/wp\/v2\/types\/page"}],"author":[{"embeddable":true,"href":"http:\/\/www.musik-zum-tagesausklang.de\/index.php?rest_route=\/wp\/v2\/users\/1"}],"replies":[{"embeddable":true,"href":"http:\/\/www.musik-zum-tagesausklang.de\/index.php?rest_route=%2Fwp%2Fv2%2Fcomments&post=870"}],"version-history":[{"count":9,"href":"http:\/\/www.musik-zum-tagesausklang.de\/index.php?rest_route=\/wp\/v2\/pages\/870\/revisions"}],"predecessor-version":[{"id":924,"href":"http:\/\/www.musik-zum-tagesausklang.de\/index.php?rest_route=\/wp\/v2\/pages\/870\/revisions\/924"}],"wp:attachment":[{"href":"http:\/\/www.musik-zum-tagesausklang.de\/index.php?rest_route=%2Fwp%2Fv2%2Fmedia&parent=870"}],"curies":[{"name":"wp","href":"https:\/\/api.w.org\/{rel}","templated":true}]}}