{"id":592,"date":"2020-07-03T20:15:48","date_gmt":"2020-07-03T20:15:48","guid":{"rendered":"http:\/\/www.musik-zum-tagesausklang.de\/?page_id=592"},"modified":"2020-09-11T16:38:25","modified_gmt":"2020-09-11T16:38:25","slug":"26-september-2020-2","status":"publish","type":"page","link":"http:\/\/www.musik-zum-tagesausklang.de\/?page_id=592","title":{"rendered":"26. September 2020"},"content":{"rendered":"<h5>Samstag, 26. September 2020 \/ 19.00 Uhr<img loading=\"lazy\" decoding=\"async\" class=\"wp-image-508 size-medium alignright\" src=\"http:\/\/www.musik-zum-tagesausklang.de\/wp-content\/uploads\/2019\/12\/Ehlich_Katharina_2019_402F733E-2F1B-4AF2-8741-AE1CCF134AD1-200x300.jpg\" alt=\"\" width=\"200\" height=\"300\" srcset=\"http:\/\/www.musik-zum-tagesausklang.de\/wp-content\/uploads\/2019\/12\/Ehlich_Katharina_2019_402F733E-2F1B-4AF2-8741-AE1CCF134AD1-200x300.jpg 200w, http:\/\/www.musik-zum-tagesausklang.de\/wp-content\/uploads\/2019\/12\/Ehlich_Katharina_2019_402F733E-2F1B-4AF2-8741-AE1CCF134AD1-683x1024.jpg 683w, http:\/\/www.musik-zum-tagesausklang.de\/wp-content\/uploads\/2019\/12\/Ehlich_Katharina_2019_402F733E-2F1B-4AF2-8741-AE1CCF134AD1-768x1152.jpg 768w, http:\/\/www.musik-zum-tagesausklang.de\/wp-content\/uploads\/2019\/12\/Ehlich_Katharina_2019_402F733E-2F1B-4AF2-8741-AE1CCF134AD1-1024x1536.jpg 1024w, http:\/\/www.musik-zum-tagesausklang.de\/wp-content\/uploads\/2019\/12\/Ehlich_Katharina_2019_402F733E-2F1B-4AF2-8741-AE1CCF134AD1-1365x2048.jpg 1365w, http:\/\/www.musik-zum-tagesausklang.de\/wp-content\/uploads\/2019\/12\/Ehlich_Katharina_2019_402F733E-2F1B-4AF2-8741-AE1CCF134AD1-scaled.jpg 1707w\" sizes=\"auto, (max-width: 200px) 100vw, 200px\" \/><br \/>\nStadtpfarrkirche \u201eMariae Himmelfahrt\u201c<\/h5>\n<h4>Werke f\u00fcr Fl\u00f6te und Orgel<\/h4>\n<p>&nbsp;<\/p>\n<p>Franz DOPPLER<br \/>\n(1821 &#8211; 1883)<br \/>\nFantaisie pastorale<br \/>\nop. 26<br \/>\nf\u00fcr Fl\u00f6te und Klavier<\/p>\n<p>&nbsp;<\/p>\n<p>Ludwig van BEETHOVEN<br \/>\n(1770 &#8211; 1827)<br \/>\nRomance F-Dur<br \/>\nop. 50<\/p>\n<p>&nbsp;<\/p>\n<p>Fran\u00e7ois DEVIENNE<br \/>\n(1759 &#8211; 1803)<br \/>\nFl\u00f6tenkonzert Nr. 7 e-Moll<br \/>\n<i>Allegro<br \/>\nAdagio<br \/>\nRondo: Allegretto<br \/>\n<\/i><\/p>\n<p>&nbsp;<\/p>\n<p>__________________________________________________<\/p>\n<p><em>Katharina Ehlich, Fl\u00f6te<\/em><br \/>\n<em>Andreas Wiesmann, Orgel\/Klavier<\/em><\/p>\n","protected":false},"excerpt":{"rendered":"<p>Samstag, 26. September 2020 \/ 19.00 Uhr Stadtpfarrkirche \u201eMariae Himmelfahrt\u201c Werke f\u00fcr Fl\u00f6te und Orgel &nbsp; Franz DOPPLER (1821 &#8211; 1883) Fantaisie pastorale op. 26 f\u00fcr Fl\u00f6te und Klavier &nbsp; Ludwig van BEETHOVEN (1770 &#8211; 1827) Romance F-Dur op. 50 &nbsp; Fran\u00e7ois DEVIENNE (1759 &#8211; 1803) Fl\u00f6tenkonzert Nr. 7 e-Moll Allegro Adagio Rondo: Allegretto &nbsp; __________________________________________________ Katharina Ehlich, Fl\u00f6te Andreas Wiesmann, Orgel\/Klavier<\/p>\n","protected":false},"author":1,"featured_media":0,"parent":0,"menu_order":0,"comment_status":"closed","ping_status":"closed","template":"","meta":{"ngg_post_thumbnail":0,"footnotes":""},"class_list":["post-592","page","type-page","status-publish","hentry"],"_links":{"self":[{"href":"http:\/\/www.musik-zum-tagesausklang.de\/index.php?rest_route=\/wp\/v2\/pages\/592","targetHints":{"allow":["GET"]}}],"collection":[{"href":"http:\/\/www.musik-zum-tagesausklang.de\/index.php?rest_route=\/wp\/v2\/pages"}],"about":[{"href":"http:\/\/www.musik-zum-tagesausklang.de\/index.php?rest_route=\/wp\/v2\/types\/page"}],"author":[{"embeddable":true,"href":"http:\/\/www.musik-zum-tagesausklang.de\/index.php?rest_route=\/wp\/v2\/users\/1"}],"replies":[{"embeddable":true,"href":"http:\/\/www.musik-zum-tagesausklang.de\/index.php?rest_route=%2Fwp%2Fv2%2Fcomments&post=592"}],"version-history":[{"count":2,"href":"http:\/\/www.musik-zum-tagesausklang.de\/index.php?rest_route=\/wp\/v2\/pages\/592\/revisions"}],"predecessor-version":[{"id":621,"href":"http:\/\/www.musik-zum-tagesausklang.de\/index.php?rest_route=\/wp\/v2\/pages\/592\/revisions\/621"}],"wp:attachment":[{"href":"http:\/\/www.musik-zum-tagesausklang.de\/index.php?rest_route=%2Fwp%2Fv2%2Fmedia&parent=592"}],"curies":[{"name":"wp","href":"https:\/\/api.w.org\/{rel}","templated":true}]}}