{"id":28,"date":"2019-01-20T14:14:41","date_gmt":"2019-01-20T14:14:41","guid":{"rendered":"http:\/\/musik-zum-tagesausklang.de\/?page_id=28"},"modified":"2022-04-30T19:26:38","modified_gmt":"2022-04-30T19:26:38","slug":"mitschnitte","status":"publish","type":"page","link":"http:\/\/www.musik-zum-tagesausklang.de\/?page_id=28","title":{"rendered":"Mitschnitte"},"content":{"rendered":"<p>03. Oktober 2021<br \/>\nOrgelkonzert zum Erntedankfest und Tag der Deutschen Einheit<br \/>\nLive-Mitschnitt des Orgelkonzerts in der Stadtpfarrkirche Mariae Himmelfahrt<br \/>\nWerke von Johann Sebastian Bach und Charles-Marie Widor (Orgelsymphonie Nr. 6 g-Moll)<br \/>\nTexte: Stadtpfarrer Norbert Marxer<br \/>\nOrgel: Andreas Wiesmann<\/p>\n<p><span class=\"copycode\"><div class=\"epyt-video-wrapper\"><iframe loading=\"lazy\"  id=\"_ytid_31106\"  width=\"640\" height=\"360\"  data-origwidth=\"640\" data-origheight=\"360\"  data-relstop=\"1\" src=\"https:\/\/www.youtube.com\/embed\/Du2q5RFplJ8?enablejsapi=1&autoplay=0&cc_load_policy=0&cc_lang_pref=&iv_load_policy=1&loop=0&rel=0&fs=1&playsinline=0&autohide=2&theme=dark&color=red&controls=1&disablekb=0&\" class=\"__youtube_prefs__  no-lazyload\" title=\"YouTube player\"  allow=\"fullscreen; accelerometer; autoplay; clipboard-write; encrypted-media; gyroscope; picture-in-picture; web-share\" referrerpolicy=\"strict-origin-when-cross-origin\" allowfullscreen data-no-lazy=\"1\" data-skipgform_ajax_framebjll=\"\"><\/iframe><\/div><\/span><\/p>\n<p>&nbsp;<\/p>\n<p>&nbsp;<\/p>\n<p>&nbsp;<\/p>\n<p>28. August 2021<br \/>\nF\u00e9lix Alexandre Guilmant: Orgelsonate Nr. 1 d-Moll op. 42<br \/>\nOnline-Konzert im Rahmen der Musik zum Tagesausklang<br \/>\nTexte: Stadtpfarrer Norbert Marxer<br \/>\nOrgel: Andreas Wiesmann<\/p>\n<p><span class=\"copycode\"><div class=\"epyt-video-wrapper\"><iframe loading=\"lazy\"  id=\"_ytid_88513\"  width=\"640\" height=\"360\"  data-origwidth=\"640\" data-origheight=\"360\"  data-relstop=\"1\" src=\"https:\/\/www.youtube.com\/embed\/LRQG5SMvB9w?enablejsapi=1&autoplay=0&cc_load_policy=0&cc_lang_pref=&iv_load_policy=1&loop=0&rel=0&fs=1&playsinline=0&autohide=2&theme=dark&color=red&controls=1&disablekb=0&\" class=\"__youtube_prefs__  no-lazyload\" title=\"YouTube player\"  allow=\"fullscreen; accelerometer; autoplay; clipboard-write; encrypted-media; gyroscope; picture-in-picture; web-share\" referrerpolicy=\"strict-origin-when-cross-origin\" allowfullscreen data-no-lazy=\"1\" data-skipgform_ajax_framebjll=\"\"><\/iframe><\/div><\/span><\/p>\n<p>&nbsp;<\/p>\n<p>&nbsp;<\/p>\n<p>&nbsp;<\/p>\n<p>31. Juli 2021<br \/>\nOrgelwerke von Johann Sebastian Bach<br \/>\nMitschnitt der Musik zum Tagesausklang vom 31. Juli 2021<br \/>\n(aufgrund der Corona-Krise konnte das Konzert nicht als \u00f6ffentliche Veranstaltung stattfinden; stattdessen war zeitgleich zum Konzerttermin dieser Mitschnitt auf den Homepages www.pg-schongau.de und www.musik-zum-tagesausklang.de zu sehen)<br \/>\nTexte: Stadtpfarrer Norbert Marxer<br \/>\nOrgel: Andreas Wiesmann<\/p>\n<p><span class=\"copycode\"><div class=\"epyt-video-wrapper\"><iframe loading=\"lazy\"  id=\"_ytid_35705\"  width=\"640\" height=\"360\"  data-origwidth=\"640\" data-origheight=\"360\"  data-relstop=\"1\" src=\"https:\/\/www.youtube.com\/embed\/LRQG5SMvB9w\">https:\/\/www.youtube.com\/watch?enablejsapi=1&autoplay=0&cc_load_policy=0&cc_lang_pref=&iv_load_policy=1&loop=0&rel=0&fs=1&playsinline=0&autohide=2&theme=dark&color=red&controls=1&disablekb=0&\" class=\"__youtube_prefs__  no-lazyload\" title=\"YouTube player\"  allow=\"fullscreen; accelerometer; autoplay; clipboard-write; encrypted-media; gyroscope; picture-in-picture; web-share\" referrerpolicy=\"strict-origin-when-cross-origin\" allowfullscreen data-no-lazy=\"1\" data-skipgform_ajax_framebjll=\"\"><\/iframe><\/div><\/span><\/p>\n<p>&nbsp;<\/p>\n<p>&nbsp;<\/p>\n<p>&nbsp;<\/p>\n<p>&nbsp;<\/p>\n<p>19. Juni 2021<br \/>\nMusic for four: Werke f\u00fcr zwei Orgeln und Orgel vierh\u00e4ndig<br \/>\nMitschnitt der Musik zum Tagesausklang vom 19. Juni 2021<br \/>\n(aufgrund der Corona-Krise konnte das Konzert nicht als \u00f6ffentliche Veranstaltung stattfinden; stattdessen war zeitgleich zum Konzerttermin dieser Mitschnitt auf den Homepages www.pg-schongau.de und www.musik-zum-tagesausklang.de zu sehen)<br \/>\nTexte: Stadtpfarrer Norbert Marxer<br \/>\nDr. Ralf Hansjosten (Trier) und Andreas Wiesmann an beiden Orgeln der Stadtpfarrkirche Mariae Himmelfahrt<\/p>\n<p><span class=\"copycode\"><div class=\"epyt-video-wrapper\"><iframe loading=\"lazy\"  id=\"_ytid_95167\"  width=\"640\" height=\"360\"  data-origwidth=\"640\" data-origheight=\"360\"  data-relstop=\"1\" src=\"https:\/\/www.youtube.com\/embed\/8-ya4XlOe0w?enablejsapi=1&autoplay=0&cc_load_policy=0&cc_lang_pref=&iv_load_policy=1&loop=0&rel=0&fs=1&playsinline=0&autohide=2&theme=dark&color=red&controls=1&disablekb=0&\" class=\"__youtube_prefs__  no-lazyload\" title=\"YouTube player\"  allow=\"fullscreen; accelerometer; autoplay; clipboard-write; encrypted-media; gyroscope; picture-in-picture; web-share\" referrerpolicy=\"strict-origin-when-cross-origin\" allowfullscreen data-no-lazy=\"1\" data-skipgform_ajax_framebjll=\"\"><\/iframe><\/div><\/span><\/p>\n<p>&nbsp;<\/p>\n<p>&nbsp;<\/p>\n<p>&nbsp;<\/p>\n<p>&nbsp;<\/p>\n<p>23. Mai 2021<br \/>\nOnline-Orgelnacht: Eine musikalische Reise in die Schongauer Partnerst\u00e4dte Abingdon, Sint-Niklaas, Lucca, Gogolin und Colmar<br \/>\nMitschnitt der Musik zum Tagesausklang vom 23. Mai 2021<br \/>\n(aufgrund der Corona-Krise konnte das Konzert nicht als \u00f6ffentliche Veranstaltung stattfinden; stattdessen war zeitgleich zum Konzerttermin dieser Mitschnitt auf den Homepages www.pg-schongau.de und www.musik-zum-tagesausklang.de zu sehen)<br \/>\nTexte: Stadtpfarrer Norbert Marxer<br \/>\nOrgel: Andreas Wiesmann<\/p>\n<p><span class=\"copycode\"><div class=\"epyt-video-wrapper\"><iframe loading=\"lazy\"  id=\"_ytid_33990\"  width=\"640\" height=\"360\"  data-origwidth=\"640\" data-origheight=\"360\"  data-relstop=\"1\" src=\"https:\/\/www.youtube.com\/embed\/Gqof_dIaYNk?enablejsapi=1&autoplay=0&cc_load_policy=0&cc_lang_pref=&iv_load_policy=1&loop=0&rel=0&fs=1&playsinline=0&autohide=2&theme=dark&color=red&controls=1&disablekb=0&\" class=\"__youtube_prefs__  no-lazyload\" title=\"YouTube player\"  allow=\"fullscreen; accelerometer; autoplay; clipboard-write; encrypted-media; gyroscope; picture-in-picture; web-share\" referrerpolicy=\"strict-origin-when-cross-origin\" allowfullscreen data-no-lazy=\"1\" data-skipgform_ajax_framebjll=\"\"><\/iframe><\/div><\/span><\/p>\n<p>&nbsp;<\/p>\n<p>&nbsp;<\/p>\n<p>&nbsp;<\/p>\n<p>24. April 2021<br \/>\nOrgelwerke von Johann Pachelbel und Johann Sebastian Bach<br \/>\nMitschnitt der Musik zum Tagesausklang vom 24. April 2021<br \/>\n(aufgrund der Corona-Krise konnte das Konzert nicht als \u00f6ffentliche Veranstaltung stattfinden; stattdessen war zeitgleich zum Konzerttermin dieser Mitschnitt auf den Homepages www.pg-schongau.de und www.musik-zum-tagesausklang.de zu sehen)<br \/>\nTexte: Stadtpfarrer Norbert Marxer<br \/>\nOrgel: Andreas Wiesmann<\/p>\n<p><span class=\"copycode\"><div class=\"epyt-video-wrapper\"><iframe loading=\"lazy\"  id=\"_ytid_30547\"  width=\"640\" height=\"360\"  data-origwidth=\"640\" data-origheight=\"360\"  data-relstop=\"1\" src=\"https:\/\/www.youtube.com\/embed\/dKvb_scvheU\">https:\/\/www.youtube.com\/watch?enablejsapi=1&autoplay=0&cc_load_policy=0&cc_lang_pref=&iv_load_policy=1&loop=0&rel=0&fs=1&playsinline=0&autohide=2&theme=dark&color=red&controls=1&disablekb=0&\" class=\"__youtube_prefs__  no-lazyload\" title=\"YouTube player\"  allow=\"fullscreen; accelerometer; autoplay; clipboard-write; encrypted-media; gyroscope; picture-in-picture; web-share\" referrerpolicy=\"strict-origin-when-cross-origin\" allowfullscreen data-no-lazy=\"1\" data-skipgform_ajax_framebjll=\"\"><\/iframe><\/div><\/span><\/p>\n<p>&nbsp;<\/p>\n<p>&nbsp;<\/p>\n<p>27. M\u00e4rz 2021<br \/>\nOrgelwerke von Max Reger &#8211; Ein musikalischer Gang durch die Karwoche<br \/>\nMitschnitt der Musik zum Tagesausklang vom 27. M\u00e4rz 2021<br \/>\n(aufgrund der Corona-Krise konnte das Konzert nicht als \u00f6ffentliche Veranstaltung stattfinden; stattdessen war zeitgleich zum Konzerttermin dieser Mitschnitt auf den Homepages www.pg-schongau.de und www.musik-zum-tagesausklang.de zu sehen)<br \/>\nTexte: Stadtpfarrer Norbert Marxer<br \/>\nOrgel: Andreas Wiesmann<\/p>\n<p><span class=\"copycode\"><div class=\"epyt-video-wrapper\"><iframe loading=\"lazy\"  id=\"_ytid_24661\"  width=\"640\" height=\"360\"  data-origwidth=\"640\" data-origheight=\"360\"  data-relstop=\"1\" src=\"https:\/\/www.youtube.com\/embed\/TEBU13j99gA?enablejsapi=1&autoplay=0&cc_load_policy=0&cc_lang_pref=&iv_load_policy=1&loop=0&rel=0&fs=1&playsinline=0&autohide=2&theme=dark&color=red&controls=1&disablekb=0&\" class=\"__youtube_prefs__  no-lazyload\" title=\"YouTube player\"  allow=\"fullscreen; accelerometer; autoplay; clipboard-write; encrypted-media; gyroscope; picture-in-picture; web-share\" referrerpolicy=\"strict-origin-when-cross-origin\" allowfullscreen data-no-lazy=\"1\" data-skipgform_ajax_framebjll=\"\"><\/iframe><\/div><\/span><\/p>\n<p>&nbsp;<\/p>\n<p>Orgelmusik zur Fastenzeit von F. W. Zachow, J. S. Bach und F. Liszt<br \/>\nMitschnitt der Musik zum Tagesausklang vom 27. Februar 2021<br \/>\n(aufgrund der Corona-Krise konnte das Konzert nicht als \u00f6ffentliche Veranstaltung stattfinden; stattdessen war zeitgleich zum Konzerttermin dieser Mitschnitt auf den Homepages www.pg-schongau.de und www.musik-zum-tagesausklang.de zu sehen)<br \/>\nTexte: Stadtpfarrer Norbert Marxer<br \/>\nOrgel: Andreas Wiesmann<\/p>\n<p><span class=\"copycode\"><div class=\"epyt-video-wrapper\"><iframe loading=\"lazy\"  id=\"_ytid_17339\"  width=\"640\" height=\"360\"  data-origwidth=\"640\" data-origheight=\"360\"  data-relstop=\"1\" src=\"https:\/\/www.youtube.com\/embed\/klptXDjCWRY?enablejsapi=1&autoplay=0&cc_load_policy=0&cc_lang_pref=&iv_load_policy=1&loop=0&rel=0&fs=1&playsinline=0&autohide=2&theme=dark&color=red&controls=1&disablekb=0&\" class=\"__youtube_prefs__  no-lazyload\" title=\"YouTube player\"  allow=\"fullscreen; accelerometer; autoplay; clipboard-write; encrypted-media; gyroscope; picture-in-picture; web-share\" referrerpolicy=\"strict-origin-when-cross-origin\" allowfullscreen data-no-lazy=\"1\" data-skipgform_ajax_framebjll=\"\"><\/iframe><\/div><\/span><\/p>\n<p>&nbsp;<\/p>\n<p>&nbsp;<\/p>\n<p>Orgelwerke von J. S. Bach, J. P. Sweelinck und E. Gigout<br \/>\nMitschnitt der Musik zum Tagesausklang vom 30. Januar 2021<br \/>\n(aufgrund der Corona-Krise konnte das Konzert nicht als \u00f6ffentliche Veranstaltung stattfinden; stattdessen war zeitgleich zum Konzerttermin dieser Mitschnitt auf den Homepages www.pg-schongau.de und www.musik-zum-tagesausklang.de zu sehen)<br \/>\nTexte: Stadtpfarrer Norbert Marxer<br \/>\nOrgel: Andreas Wiesmann<\/p>\n<p><span class=\"copycode\"><div class=\"epyt-video-wrapper\"><iframe loading=\"lazy\"  id=\"_ytid_45414\"  width=\"640\" height=\"360\"  data-origwidth=\"640\" data-origheight=\"360\"  data-relstop=\"1\" src=\"https:\/\/www.youtube.com\/embed\/K7G62BCdvBI?enablejsapi=1&autoplay=0&cc_load_policy=0&cc_lang_pref=&iv_load_policy=1&loop=0&rel=0&fs=1&playsinline=0&autohide=2&theme=dark&color=red&controls=1&disablekb=0&\" class=\"__youtube_prefs__  no-lazyload\" title=\"YouTube player\"  allow=\"fullscreen; accelerometer; autoplay; clipboard-write; encrypted-media; gyroscope; picture-in-picture; web-share\" referrerpolicy=\"strict-origin-when-cross-origin\" allowfullscreen data-no-lazy=\"1\" data-skipgform_ajax_framebjll=\"\"><\/iframe><\/div><\/span><\/p>\n<p>&nbsp;<\/p>\n<p>&nbsp;<\/p>\n<p>Adventliche Orgelmusik<br \/>\nMitschnitt der Musik zum Tagesausklang vom 19. Dezember 2020<br \/>\n(aufgrund der Corona-Krise konnte das Konzert nicht als \u00f6ffentliche Veranstaltung stattfinden; stattdessen war zeitgleich zum Konzerttermin (19. Dezember 2020 \/ 19.00 Uhr) dieser Mitschnitt auf den Homepages www.pg-schongau.de und www.musik-zum-tagesausklang.de zu sehen)<br \/>\nTexte: Stadtpfarrer Norbert Marxer<br \/>\nOrgel: Andreas Wiesmann<\/p>\n<p><span class=\"copycode\"><div class=\"epyt-video-wrapper\"><iframe loading=\"lazy\"  id=\"_ytid_52179\"  width=\"640\" height=\"360\"  data-origwidth=\"640\" data-origheight=\"360\"  data-relstop=\"1\" src=\"https:\/\/www.youtube.com\/embed\/VJEwai_36iQ?enablejsapi=1&autoplay=0&cc_load_policy=0&cc_lang_pref=&iv_load_policy=1&loop=0&rel=0&fs=1&playsinline=0&autohide=2&theme=dark&color=red&controls=1&disablekb=0&\" class=\"__youtube_prefs__  no-lazyload\" title=\"YouTube player\"  allow=\"fullscreen; accelerometer; autoplay; clipboard-write; encrypted-media; gyroscope; picture-in-picture; web-share\" referrerpolicy=\"strict-origin-when-cross-origin\" allowfullscreen data-no-lazy=\"1\" data-skipgform_ajax_framebjll=\"\"><\/iframe><\/div><\/span><\/p>\n<p>&nbsp;<\/p>\n<p>&nbsp;<\/p>\n<p>Marcel Dupr\u00e9 (1886 &#8211; 1971): Paraphrase \u00fcber eine Melodie von Beethoven &#8211; Die Himmel r\u00fchmen des Ewigen Ehre<br \/>\nLive-Mitschnitt vom 18. Juli 2020<br \/>\nAndreas Wiesmann, Orgel<\/p>\n<p><span class=\"copycode\"><div class=\"epyt-video-wrapper\"><iframe loading=\"lazy\"  id=\"_ytid_89665\"  width=\"640\" height=\"360\"  data-origwidth=\"640\" data-origheight=\"360\"  data-relstop=\"1\" src=\"https:\/\/www.youtube.com\/embed\/2YKuda5Je8k?enablejsapi=1&autoplay=0&cc_load_policy=0&cc_lang_pref=&iv_load_policy=1&loop=0&rel=0&fs=1&playsinline=0&autohide=2&theme=dark&color=red&controls=1&disablekb=0&\" class=\"__youtube_prefs__  no-lazyload\" title=\"YouTube player\"  allow=\"fullscreen; accelerometer; autoplay; clipboard-write; encrypted-media; gyroscope; picture-in-picture; web-share\" referrerpolicy=\"strict-origin-when-cross-origin\" allowfullscreen data-no-lazy=\"1\" data-skipgform_ajax_framebjll=\"\"><\/iframe><\/div><\/span><\/p>\n<p>&nbsp;<\/p>\n<p>&nbsp;<\/p>\n<p>Franz Liszt (1811 &#8211; 1886): Pr\u00e4ludium und Fuge \u00fcber den Namen B-A-C-H<br \/>\nLive-Mitschnitt vom 25. April 2020<br \/>\nAndreas Wiesmann, Orgel<\/p>\n<p><span class=\"copycode\"><div class=\"epyt-video-wrapper\"><iframe loading=\"lazy\"  id=\"_ytid_74273\"  width=\"640\" height=\"360\"  data-origwidth=\"640\" data-origheight=\"360\"  data-relstop=\"1\" src=\"https:\/\/www.youtube.com\/embed\/W231c3BLCTk?enablejsapi=1&autoplay=0&cc_load_policy=0&cc_lang_pref=&iv_load_policy=1&loop=0&rel=0&fs=1&playsinline=0&autohide=2&theme=dark&color=red&controls=1&disablekb=0&\" class=\"__youtube_prefs__  no-lazyload\" title=\"YouTube player\"  allow=\"fullscreen; accelerometer; autoplay; clipboard-write; encrypted-media; gyroscope; picture-in-picture; web-share\" referrerpolicy=\"strict-origin-when-cross-origin\" allowfullscreen data-no-lazy=\"1\" data-skipgform_ajax_framebjll=\"\"><\/iframe><\/div><\/span><\/p>\n<p>&nbsp;<\/p>\n<p>&nbsp;<\/p>\n<p>Orgelwerke von Ludwig van Beethoven (1770 &#8211; 1827), Marcel Dupr\u00e9 (1886 &#8211; 1971) und F\u00e9lix Alexandre Guilmant (1837 &#8211; 1911)<br \/>\nMitschnitt der Musik zum Tagesausklang vom 18. Juli 2020<br \/>\n(aufgrund der Corona-Krise konnte das Konzert nicht als \u00f6ffentliche Veranstaltung stattfinden; stattdessen war zeitgleich zum Konzerttermin (18. Juli 2020 \/ 19.00 Uhr) dieser Mitschnitt auf den Homepages www.pg-schongau.de und www.musik-zum-tagesausklang.de zu sehen)<br \/>\nTexte: Stadtpfarrer Norbert Marxer<br \/>\nOrgel: Andreas Wiesmann<\/p>\n<p><span class=\"copycode\"><div class=\"epyt-video-wrapper\"><iframe loading=\"lazy\"  id=\"_ytid_44747\"  width=\"640\" height=\"360\"  data-origwidth=\"640\" data-origheight=\"360\"  data-relstop=\"1\" src=\"https:\/\/www.youtube.com\/embed\/LzsrG9Q-jic?enablejsapi=1&autoplay=0&cc_load_policy=0&cc_lang_pref=&iv_load_policy=1&loop=0&rel=0&fs=1&playsinline=0&autohide=2&theme=dark&color=red&controls=1&disablekb=0&\" class=\"__youtube_prefs__  no-lazyload\" title=\"YouTube player\"  allow=\"fullscreen; accelerometer; autoplay; clipboard-write; encrypted-media; gyroscope; picture-in-picture; web-share\" referrerpolicy=\"strict-origin-when-cross-origin\" allowfullscreen data-no-lazy=\"1\" data-skipgform_ajax_framebjll=\"\"><\/iframe><\/div><\/span><\/p>\n<p>&nbsp;<\/p>\n<p>&nbsp;<\/p>\n<p>Orgelwerke von Johann Sebastian Bach (1685 &#8211; 1750) und Felix Mendelssohn Bartholdy (1809 &#8211; 1847)<br \/>\nMitschnitt der Musik zum Tagesausklang vom 20. Juni 2020<br \/>\n(aufgrund der Corona-Krise konnte das Konzert nicht als \u00f6ffentliche Veranstaltung stattfinden; stattdessen war zeitgleich zum Konzerttermin (20. Juni 2020 \/ 19.00 Uhr) dieser Mitschnitt auf den Homepages www.pg-schongau.de und www.musik-zum-tagesausklang.de zu sehen)<br \/>\nTexte: Stadtpfarrer Norbert Marxer<br \/>\nOrgel: Andreas Wiesmann<\/p>\n<p><span class=\"copycode\"><div class=\"epyt-video-wrapper\"><iframe loading=\"lazy\"  id=\"_ytid_92993\"  width=\"640\" height=\"360\"  data-origwidth=\"640\" data-origheight=\"360\"  data-relstop=\"1\" src=\"https:\/\/www.youtube.com\/embed\/stV1r0vvu3k?enablejsapi=1&autoplay=0&cc_load_policy=0&cc_lang_pref=&iv_load_policy=1&loop=0&rel=0&fs=1&playsinline=0&autohide=2&theme=dark&color=red&controls=1&disablekb=0&\" class=\"__youtube_prefs__  no-lazyload\" title=\"YouTube player\"  allow=\"fullscreen; accelerometer; autoplay; clipboard-write; encrypted-media; gyroscope; picture-in-picture; web-share\" referrerpolicy=\"strict-origin-when-cross-origin\" allowfullscreen data-no-lazy=\"1\" data-skipgform_ajax_framebjll=\"\"><\/iframe><\/div><\/span><\/p>\n<p>&nbsp;<\/p>\n<p>&nbsp;<\/p>\n<p>Online-Version der Schongauer Orgelnacht 2020 am Pfingstsonntag, 31. Mai 2020<br \/>\n(aufgrund der Corona-Krise durfte die Orgelnacht nicht als \u00f6ffentliche Veranstaltung stattfinden; stattdessen war zeitgleich zum Konzerttermin (31. Mai 2020 \/ 19.00 Uhr) als Ersatz diese Aufzeichnung in Form eines Kurz-Konzertes an allen vier Orgeln in der drei Kirchen unserer Pfarreiengemeinschaft auf den Homepages www.pg-schongau.de und www.musik-zum-tagesausklang.de zu sehen)<br \/>\nTexte: Stadtpfarrer Norbert Marxer<br \/>\nOrgel: Andreas Wiesmann<\/p>\n<p><span class=\"copycode\"><div class=\"epyt-video-wrapper\"><iframe loading=\"lazy\"  id=\"_ytid_16346\"  width=\"640\" height=\"360\"  data-origwidth=\"640\" data-origheight=\"360\"  data-relstop=\"1\" src=\"https:\/\/www.youtube.com\/embed\/5_YUwN9cPDc?enablejsapi=1&autoplay=0&cc_load_policy=0&cc_lang_pref=&iv_load_policy=1&loop=0&rel=0&fs=1&playsinline=0&autohide=2&theme=dark&color=red&controls=1&disablekb=0&\" class=\"__youtube_prefs__  no-lazyload\" title=\"YouTube player\"  allow=\"fullscreen; accelerometer; autoplay; clipboard-write; encrypted-media; gyroscope; picture-in-picture; web-share\" referrerpolicy=\"strict-origin-when-cross-origin\" allowfullscreen data-no-lazy=\"1\" data-skipgform_ajax_framebjll=\"\"><\/iframe><\/div><\/span><\/p>\n<p>&nbsp;<\/p>\n<p>&nbsp;<\/p>\n<p>Orgelwerke von Johann Sebastian Bach (1685 &#8211; 1750) und Franz Liszt (1811 &#8211; 1886)<br \/>\nMitschnitt der Musik zum Tagesausklang vom 25. April 2020<br \/>\n(aufgrund der Corona-Krise durfte das Konzert nicht als \u00f6ffentliche Veranstaltung stattfinden; stattdessen war zeitgleich zum Konzerttermin (25. April 2020 \/ 19.00 Uhr) dieser Mitschnitt auf den Homepages www.pg-schongau.de und www.musik-zum-tagesausklang.de zu sehen)<br \/>\nTexte: Stadtpfarrer Norbert Marxer<br \/>\nOrgel: Andreas Wiesmann<\/p>\n<p><span class=\"copycode\"><div class=\"epyt-video-wrapper\"><iframe loading=\"lazy\"  id=\"_ytid_65732\"  width=\"640\" height=\"360\"  data-origwidth=\"640\" data-origheight=\"360\"  data-relstop=\"1\" src=\"https:\/\/www.youtube.com\/embed\/-ROCnhe9EgM?enablejsapi=1&autoplay=0&cc_load_policy=0&cc_lang_pref=&iv_load_policy=1&loop=0&rel=0&fs=1&playsinline=0&autohide=2&theme=dark&color=red&controls=1&disablekb=0&\" class=\"__youtube_prefs__  no-lazyload\" title=\"YouTube player\"  allow=\"fullscreen; accelerometer; autoplay; clipboard-write; encrypted-media; gyroscope; picture-in-picture; web-share\" referrerpolicy=\"strict-origin-when-cross-origin\" allowfullscreen data-no-lazy=\"1\" data-skipgform_ajax_framebjll=\"\"><\/iframe><\/div><\/span><\/p>\n<p>&nbsp;<\/p>\n<p>&nbsp;<\/p>\n<p>Orgelwerke von Johann Sebastian Bach (1685 &#8211; 1750) zur Passionszeit<br \/>\nMitschnitt der Musik zum Tagesausklang vom 28. M\u00e4rz 2020<br \/>\n(aufgrund der Corona-Krise durfte das Konzert nicht als \u00f6ffentliche Veranstaltung stattfinden; stattdessen war zeitgleich zum Konzerttermin (28. M\u00e4rz 2020 \/ 19.00 Uhr) dieser Mitschnitt auf den Homepages www.pg-schongau.de und www.musik-zum-tagesausklang.de zu sehen)<br \/>\nSprecher: Stadtpfarrer Norbert Marxer<br \/>\nOrgel: Andreas Wiesmann<\/p>\n<p><span class=\"copycode\"><div class=\"epyt-video-wrapper\"><iframe loading=\"lazy\"  id=\"_ytid_80756\"  width=\"640\" height=\"360\"  data-origwidth=\"640\" data-origheight=\"360\"  data-relstop=\"1\" src=\"https:\/\/www.youtube.com\/embed\/s91rayfSx9I?enablejsapi=1&autoplay=0&cc_load_policy=0&cc_lang_pref=&iv_load_policy=1&loop=0&rel=0&fs=1&playsinline=0&autohide=2&theme=dark&color=red&controls=1&disablekb=0&\" class=\"__youtube_prefs__  no-lazyload\" title=\"YouTube player\"  allow=\"fullscreen; accelerometer; autoplay; clipboard-write; encrypted-media; gyroscope; picture-in-picture; web-share\" referrerpolicy=\"strict-origin-when-cross-origin\" allowfullscreen data-no-lazy=\"1\" data-skipgform_ajax_framebjll=\"\"><\/iframe><\/div><\/span><\/p>\n<p>&nbsp;<\/p>\n<p>&nbsp;<\/p>\n<p>Olivier Messiaen (1908 &#8211; 1992): Apparition de l\u2019\u00c9glise \u00e9ternelle<br \/>\n(\u201eDie Erscheinung der ewigen Kirche\u201c)<br \/>\nLive-Mitschnitt vom 19. Oktober 2019<br \/>\nAndreas Wiesmann, Orgel<\/p>\n<audio class=\"wp-audio-shortcode\" id=\"audio-28-1\" preload=\"none\" style=\"width: 100%;\" controls=\"controls\"><source type=\"audio\/mpeg\" src=\"http:\/\/www.musik-zum-tagesausklang.de\/wp-content\/uploads\/2019\/10\/01.mp3?_=1\" \/><a href=\"http:\/\/www.musik-zum-tagesausklang.de\/wp-content\/uploads\/2019\/10\/01.mp3\">http:\/\/www.musik-zum-tagesausklang.de\/wp-content\/uploads\/2019\/10\/01.mp3<\/a><\/audio>\n<p>&nbsp;<\/p>\n<p>&nbsp;<\/p>\n<p>Maria-Theresia von Paradis (1759 &#8211; 1824): Sicilienne<br \/>\nLive-Mitschnitt vom 21. September 2019<br \/>\nKatharina Ehlich, Fl\u00f6te<br \/>\nAndreas Wiesmann, Orgel<\/p>\n<audio class=\"wp-audio-shortcode\" id=\"audio-28-2\" preload=\"none\" style=\"width: 100%;\" controls=\"controls\"><source type=\"audio\/mpeg\" src=\"http:\/\/www.musik-zum-tagesausklang.de\/wp-content\/uploads\/2019\/09\/01.mp3?_=2\" \/><a href=\"http:\/\/www.musik-zum-tagesausklang.de\/wp-content\/uploads\/2019\/09\/01.mp3\">http:\/\/www.musik-zum-tagesausklang.de\/wp-content\/uploads\/2019\/09\/01.mp3<\/a><\/audio>\n<p>&nbsp;<\/p>\n<p>&nbsp;<\/p>\n<p>Donald Fraser (geb. 1947): Amen<br \/>\nLive-Mitschnitt vom 27. Juli 2019<br \/>\nAngelika Wied, Mezzosopran<br \/>\nAndreas Wiesmann, Orgel<\/p>\n<p><span class=\"copycode\"><div class=\"epyt-video-wrapper\"><iframe loading=\"lazy\"  id=\"_ytid_79761\"  width=\"640\" height=\"360\"  data-origwidth=\"640\" data-origheight=\"360\"  data-relstop=\"1\" src=\"https:\/\/www.youtube.com\/embed\/oosMWzmQgXA?enablejsapi=1&autoplay=0&cc_load_policy=0&cc_lang_pref=&iv_load_policy=1&loop=0&rel=0&fs=1&playsinline=0&autohide=2&theme=dark&color=red&controls=1&disablekb=0&\" class=\"__youtube_prefs__  no-lazyload\" title=\"YouTube player\"  allow=\"fullscreen; accelerometer; autoplay; clipboard-write; encrypted-media; gyroscope; picture-in-picture; web-share\" referrerpolicy=\"strict-origin-when-cross-origin\" allowfullscreen data-no-lazy=\"1\" data-skipgform_ajax_framebjll=\"\"><\/iframe><\/div><\/span><\/p>\n<p>&nbsp;<\/p>\n<p>&nbsp;<\/p>\n<p>Charles-Marie Widor (1844 &#8211; 1937): Orgelsymphonie Nr. 5 f-Moll op. 42\/1<br \/>\nLive-Mitschnitt vom 09. Juni 2019 im Rahmen der Schongauer Orgelnacht 2019<br \/>\nOrgel: Andreas Wiesmann<\/p>\n<p>Allegro vivace<\/p>\n<audio class=\"wp-audio-shortcode\" id=\"audio-28-3\" preload=\"none\" style=\"width: 100%;\" controls=\"controls\"><source type=\"audio\/mpeg\" src=\"http:\/\/www.musik-zum-tagesausklang.de\/wp-content\/uploads\/2019\/06\/05-01.mp3?_=3\" \/><a href=\"http:\/\/www.musik-zum-tagesausklang.de\/wp-content\/uploads\/2019\/06\/05-01.mp3\">http:\/\/www.musik-zum-tagesausklang.de\/wp-content\/uploads\/2019\/06\/05-01.mp3<\/a><\/audio>\n<p>Allegro cantabile<\/p>\n<audio class=\"wp-audio-shortcode\" id=\"audio-28-4\" preload=\"none\" style=\"width: 100%;\" controls=\"controls\"><source type=\"audio\/mpeg\" src=\"http:\/\/www.musik-zum-tagesausklang.de\/wp-content\/uploads\/2019\/06\/05-02.mp3?_=4\" \/><a href=\"http:\/\/www.musik-zum-tagesausklang.de\/wp-content\/uploads\/2019\/06\/05-02.mp3\">http:\/\/www.musik-zum-tagesausklang.de\/wp-content\/uploads\/2019\/06\/05-02.mp3<\/a><\/audio>\n<p>Andantino quasi Allegretto<\/p>\n<audio class=\"wp-audio-shortcode\" id=\"audio-28-5\" preload=\"none\" style=\"width: 100%;\" controls=\"controls\"><source type=\"audio\/mpeg\" src=\"http:\/\/www.musik-zum-tagesausklang.de\/wp-content\/uploads\/2019\/06\/05-03.mp3?_=5\" \/><a href=\"http:\/\/www.musik-zum-tagesausklang.de\/wp-content\/uploads\/2019\/06\/05-03.mp3\">http:\/\/www.musik-zum-tagesausklang.de\/wp-content\/uploads\/2019\/06\/05-03.mp3<\/a><\/audio>\n<p>Adagio<\/p>\n<audio class=\"wp-audio-shortcode\" id=\"audio-28-6\" preload=\"none\" style=\"width: 100%;\" controls=\"controls\"><source type=\"audio\/mpeg\" src=\"http:\/\/www.musik-zum-tagesausklang.de\/wp-content\/uploads\/2019\/06\/05-04.mp3?_=6\" \/><a href=\"http:\/\/www.musik-zum-tagesausklang.de\/wp-content\/uploads\/2019\/06\/05-04.mp3\">http:\/\/www.musik-zum-tagesausklang.de\/wp-content\/uploads\/2019\/06\/05-04.mp3<\/a><\/audio>\n<p>Toccata<\/p>\n<audio class=\"wp-audio-shortcode\" id=\"audio-28-7\" preload=\"none\" style=\"width: 100%;\" controls=\"controls\"><source type=\"audio\/mpeg\" src=\"http:\/\/www.musik-zum-tagesausklang.de\/wp-content\/uploads\/2019\/06\/05-05.mp3?_=7\" \/><a href=\"http:\/\/www.musik-zum-tagesausklang.de\/wp-content\/uploads\/2019\/06\/05-05.mp3\">http:\/\/www.musik-zum-tagesausklang.de\/wp-content\/uploads\/2019\/06\/05-05.mp3<\/a><\/audio>\n<p>&nbsp;<\/p>\n<p>&nbsp;<\/p>\n<p>Johann Sebastian Bach (1685 &#8211; 1750): Pr\u00e4ludium und Fuge C-Dur BWV 547<br \/>\nLive-Mitschnitt vom 29. Dezember 2018<br \/>\nOrgel: Andreas Wiesmann<\/p>\n<p>Pr\u00e4ludium<\/p>\n<audio class=\"wp-audio-shortcode\" id=\"audio-28-8\" preload=\"none\" style=\"width: 100%;\" controls=\"controls\"><source type=\"audio\/mpeg\" src=\"http:\/\/www.musik-zum-tagesausklang.de\/wp-content\/uploads\/2019\/02\/Bach_Praeludium_C_BWV-547.mp3?_=8\" \/><a href=\"http:\/\/www.musik-zum-tagesausklang.de\/wp-content\/uploads\/2019\/02\/Bach_Praeludium_C_BWV-547.mp3\">http:\/\/www.musik-zum-tagesausklang.de\/wp-content\/uploads\/2019\/02\/Bach_Praeludium_C_BWV-547.mp3<\/a><\/audio>\n<p>Fuge<\/p>\n<audio class=\"wp-audio-shortcode\" id=\"audio-28-9\" preload=\"none\" style=\"width: 100%;\" controls=\"controls\"><source type=\"audio\/mpeg\" src=\"http:\/\/www.musik-zum-tagesausklang.de\/wp-content\/uploads\/2019\/02\/Bach_Fuge_C_BWV-547.mp3?_=9\" \/><a href=\"http:\/\/www.musik-zum-tagesausklang.de\/wp-content\/uploads\/2019\/02\/Bach_Fuge_C_BWV-547.mp3\">http:\/\/www.musik-zum-tagesausklang.de\/wp-content\/uploads\/2019\/02\/Bach_Fuge_C_BWV-547.mp3<\/a><\/audio>\n<p>&nbsp;<\/p>\n","protected":false},"excerpt":{"rendered":"<p>03. Oktober 2021 Orgelkonzert zum Erntedankfest und Tag der Deutschen Einheit Live-Mitschnitt des Orgelkonzerts in der Stadtpfarrkirche Mariae Himmelfahrt Werke von Johann Sebastian Bach und Charles-Marie Widor (Orgelsymphonie Nr. 6 g-Moll) Texte: Stadtpfarrer Norbert Marxer Orgel: Andreas Wiesmann &nbsp; &nbsp; &nbsp; 28. August 2021 F\u00e9lix Alexandre Guilmant: Orgelsonate Nr. 1 d-Moll op. 42 Online-Konzert im Rahmen der Musik zum Tagesausklang Texte: Stadtpfarrer Norbert Marxer Orgel: Andreas Wiesmann &nbsp; &nbsp; &nbsp; 31. Juli 2021 Orgelwerke von Johann Sebastian Bach Mitschnitt der &hellip; <\/p>\n","protected":false},"author":1,"featured_media":0,"parent":0,"menu_order":0,"comment_status":"closed","ping_status":"closed","template":"","meta":{"ngg_post_thumbnail":0,"footnotes":""},"class_list":["post-28","page","type-page","status-publish","hentry"],"_links":{"self":[{"href":"http:\/\/www.musik-zum-tagesausklang.de\/index.php?rest_route=\/wp\/v2\/pages\/28","targetHints":{"allow":["GET"]}}],"collection":[{"href":"http:\/\/www.musik-zum-tagesausklang.de\/index.php?rest_route=\/wp\/v2\/pages"}],"about":[{"href":"http:\/\/www.musik-zum-tagesausklang.de\/index.php?rest_route=\/wp\/v2\/types\/page"}],"author":[{"embeddable":true,"href":"http:\/\/www.musik-zum-tagesausklang.de\/index.php?rest_route=\/wp\/v2\/users\/1"}],"replies":[{"embeddable":true,"href":"http:\/\/www.musik-zum-tagesausklang.de\/index.php?rest_route=%2Fwp%2Fv2%2Fcomments&post=28"}],"version-history":[{"count":38,"href":"http:\/\/www.musik-zum-tagesausklang.de\/index.php?rest_route=\/wp\/v2\/pages\/28\/revisions"}],"predecessor-version":[{"id":817,"href":"http:\/\/www.musik-zum-tagesausklang.de\/index.php?rest_route=\/wp\/v2\/pages\/28\/revisions\/817"}],"wp:attachment":[{"href":"http:\/\/www.musik-zum-tagesausklang.de\/index.php?rest_route=%2Fwp%2Fv2%2Fmedia&parent=28"}],"curies":[{"name":"wp","href":"https:\/\/api.w.org\/{rel}","templated":true}]}}