{"id":26,"date":"2019-01-20T14:14:15","date_gmt":"2019-01-20T14:14:15","guid":{"rendered":"http:\/\/musik-zum-tagesausklang.de\/?page_id=26"},"modified":"2024-09-01T15:06:42","modified_gmt":"2024-09-01T15:06:42","slug":"datenschutz","status":"publish","type":"page","link":"http:\/\/www.musik-zum-tagesausklang.de\/?page_id=26","title":{"rendered":"Datenschutz"},"content":{"rendered":"<p><span class=\"xr_tl xr_kern Normal_text Normal_text_Dark Titel_3\">1. Allgemeine Hinweise<\/span><\/p>\n<p><span class=\"xr_tl xr_kern Normal_text Normal_text_Dark Titel_3\">Die folgenden Hinweise geben einen einfachen \u00dcberblick dar\u00fcber, was mit Ihren personenbezogenen Daten passiert,<\/span> <span class=\"xr_tl xr_kern Normal_text Normal_text_Dark Titel_3\">wenn Sie unsere Website besuchen. Personenbezogene Daten sind alle Daten, mit denen Sie pers\u00f6nlich identifiziert werden k\u00f6nnen.<\/span> <span class=\"xr_tl xr_kern Normal_text Normal_text_Dark Titel_3\">Ausf\u00fchrliche Informationen zum Thema Datenschutz entnehmen Sie unserer unter diesem Text aufgef\u00fchrten Datenschutzerkl\u00e4rung.<\/span><\/p>\n<p><span class=\"xr_tl xr_kern Normal_text Normal_text_Dark Titel_3\" style=\"top: 160.54px; color: #000000; font-family: 'Calibri Bold';\">Datenerfassung auf unserer Website<\/span><\/p>\n<p><span class=\"xr_tl xr_kern Normal_text Normal_text_Dark Titel_3\" style=\"top: 199.6px; color: #000000; font-family: 'Calibri Bold';\">Wer ist verantwortlich f\u00fcr die Datenerfassung auf dieser Website?<br \/>\n<\/span><span class=\"xr_tl xr_kern Normal_text Normal_text_Dark Titel_3\">Die Datenverarbeitung auf dieser Website erfolgt durch den Websitebetreiber. Dessen Kontaktdaten k\u00f6nnen Sie dem Impressum<\/span> <span class=\"xr_tl xr_kern Normal_text Normal_text_Dark Titel_3\">dieser Website entnehmen.<\/span><\/p>\n<p><span class=\"xr_tl xr_kern Normal_text Normal_text_Dark Titel_3\" style=\"top: 297.26px; color: #000000; font-family: 'Calibri Bold';\">Wie erfassen wir Ihre Daten?<br \/>\n<\/span><span class=\"xr_tl xr_kern Normal_text Normal_text_Dark Titel_3\">Ihre Daten werden zum einen dadurch erhoben, dass Sie uns diese mitteilen. Hierbei kann es sich z.B. um Daten handeln, die Sie in ein<\/span> <span class=\"xr_tl xr_kern Normal_text Normal_text_Dark Titel_3\">Kontaktformular eingeben. Andere Daten werden automatisch beim Besuch der Website durch unsere IT-Systeme erfasst.<\/span> <span class=\"xr_tl xr_kern Normal_text Normal_text_Dark Titel_3\">Das sind vor allem technische Daten (z.B. Internetbrowser, Betriebssystem oder Uhrzeit des Seitenaufrufs). Die Erfassung dieser Daten<\/span> <span class=\"xr_tl xr_kern Normal_text Normal_text_Dark Titel_3\">erfolgt automatisch, sobald Sie unsere Website betreten.<\/span> <span class=\"xr_tl xr_kern Normal_text Normal_text_Dark Titel_3\">Ein Teil der Daten wird erhoben, um eine fehlerfreie Bereitstellung der Website zu gew\u00e4hrleisten.<\/span> <span class=\"xr_tl xr_kern Normal_text Normal_text_Dark Titel_3\">Andere Daten k\u00f6nnen zur Analyse Ihres Nutzerverhaltens verwendet werden.<\/span><\/p>\n<p><span class=\"xr_tl xr_kern Normal_text Normal_text_Dark Titel_3\" style=\"top: 492.56px; color: #000000; font-family: 'Calibri Bold';\">Welche Rechte haben Sie bez\u00fcglich Ihrer Daten?<br \/>\n<\/span><span class=\"xr_tl xr_kern Normal_text Normal_text_Dark Titel_3\">Sie haben jederzeit das Recht unentgeltlich Auskunft \u00fcber Herkunft, Empf\u00e4nger und Zweck Ihrer gespeicherten personenbezogenen<\/span> <span class=\"xr_tl xr_kern Normal_text Normal_text_Dark Titel_3\">Daten zu erhalten. Sie haben au\u00dferdem ein Recht, die Berichtigung, Sperrung oder L\u00f6schung dieser Daten zu verlangen.<\/span> <span class=\"xr_tl xr_kern Normal_text Normal_text_Dark Titel_3\">Hierzu sowie zu weiteren Fragen zum Thema Datenschutz k\u00f6nnen Sie sich jederzeit unter der im Impressum angegebenen Adresse<\/span> <span class=\"xr_tl xr_kern Normal_text Normal_text_Dark Titel_3\">an uns wenden. Des Weiteren steht Ihnen ein Beschwerderecht bei der zust\u00e4ndigen Aufsichtsbeh\u00f6rde zu.<\/span> <span class=\"xr_tl xr_kern Normal_text Normal_text_Dark Titel_3\">Analyse-Tools und Tools von Drittanbietern<\/span> <span class=\"xr_tl xr_kern Normal_text Normal_text_Dark Titel_3\">Beim Besuch unserer Website kann Ihr Surf-Verhalten statistisch ausgewertet werden. Das geschieht vor allem mit Cookies<\/span> <span class=\"xr_tl xr_kern Normal_text Normal_text_Dark Titel_3\">und mit sogenannten Analyseprogrammen. Die Analyse Ihres Surf-Verhaltens erfolgt in der Regel anonym; das Surf-Verhalten kann<\/span> <span class=\"xr_tl xr_kern Normal_text Normal_text_Dark Titel_3\">nicht zu Ihnen zur\u00fcckverfolgt werden. Sie k\u00f6nnen dieser Analyse widersprechen oder sie durch die Nichtbenutzung bestimmter Tools<\/span> <span class=\"xr_tl xr_kern Normal_text Normal_text_Dark Titel_3\">verhindern. Detaillierte Informationen dazu finden Sie in der folgenden Datenschutzerkl\u00e4rung.<\/span> <span class=\"xr_tl xr_kern Normal_text Normal_text_Dark Titel_3\">Sie k\u00f6nnen dieser Analyse widersprechen. \u00dcber die Widerspruchsm\u00f6glichkeiten werden wir Sie in dieser Datenschutzerkl\u00e4rung informieren.<\/span><\/p>\n<p><span class=\"xr_tl xr_kern Normal_text Normal_text_Dark Titel_3\" style=\"top: 863.65px; color: #000000; font-family: 'Calibri Bold';\">2. Allgemeine Hinweise und Pflichtinformationen<\/span> <span class=\"xr_tl xr_kern Normal_text Normal_text_Dark Titel_3\" style=\"top: 902.71px; color: #000000; font-family: 'Calibri Bold';\">Datenschutz<\/span><\/p>\n<p><span class=\"xr_tl xr_kern Normal_text Normal_text_Dark Titel_3\">Die Betreiber dieser Seiten nehmen den Schutz Ihrer pers\u00f6nlichen Daten sehr ernst. Wir behandeln Ihre personenbezogenen Daten<\/span> <span class=\"xr_tl xr_kern Normal_text Normal_text_Dark Titel_3\">vertraulich und entsprechend der gesetzlichen Datenschutzvorschriften sowie dieser Datenschutzerkl\u00e4rung.<\/span> <span class=\"xr_tl xr_kern Normal_text Normal_text_Dark Titel_3\">Wenn Sie diese Website benutzen, werden verschiedene personenbezogene Daten erhoben. Personenbezogene Daten sind Daten,<\/span> <span class=\"xr_tl xr_kern Normal_text Normal_text_Dark Titel_3\">mit denen Sie pers\u00f6nlich identifiziert werden k\u00f6nnen. Die vorliegende Datenschutzerkl\u00e4rung erl\u00e4utert, welche Daten wir erheben<\/span> <span class=\"xr_tl xr_kern Normal_text Normal_text_Dark Titel_3\">und wof\u00fcr wir sie nutzen. Sie erl\u00e4utert auch, wie und zu welchem Zweck das geschieht.<\/span> <span class=\"xr_tl xr_kern Normal_text Normal_text_Dark Titel_3\">Wir weisen darauf hin, dass die Daten\u00fcbertragung im Internet (z.B. bei der Kommunikation per E-Mail) Sicherheitsl\u00fccken aufweisen kann.<\/span> <span class=\"xr_tl xr_kern Normal_text Normal_text_Dark Titel_3\">Ein l\u00fcckenloser Schutz der Daten vor dem Zugriff durch Dritte ist nicht m\u00f6glich.<\/span><\/p>\n<p><span class=\"xr_tl xr_kern Normal_text Normal_text_Dark Titel_3\" style=\"top: 1195.67px; color: #000000; font-family: 'Calibri Bold';\">Hinweis zur verantwortlichen Stelle<br \/>\n<\/span><span class=\"xr_tl xr_kern Normal_text Normal_text_Dark Titel_3\">Die verantwortliche Stelle f\u00fcr die Datenverarbeitung auf dieser Website ist:<\/span> <span class=\"xr_tl xr_kern Normal_text Normal_text_Dark Titel_3\">Pfarramt der Pfarreiengemeinschaft Schongau<\/span> <span class=\"xr_tl xr_kern Normal_text Normal_text_Dark Titel_3\">Stadtpfarrer Dr. Ulrich Manz<\/span> <span class=\"xr_tl xr_kern Normal_text Normal_text_Dark Titel_3\">Kirchenstr. 7<\/span> <span class=\"xr_tl xr_kern Normal_text Normal_text_Dark Titel_3\">86956 Schongau<\/span> <span class=\"xr_tl xr_kern Normal_text Normal_text_Dark Titel_3\">Tel.: 08861 \/ 71 71 2<\/span> <span class=\"xr_tl xr_kern Normal_text Normal_text_Dark Titel_3\">e-Mail: pg.schongau@bistum-augsburg.de<\/span> <span class=\"xr_tl xr_kern Normal_text Normal_text_Dark Titel_3\">Verantwortliche Stelle ist die nat\u00fcrliche oder juristische Person, die allein oder gemeinsam mit anderen \u00fcber die Zwecke und Mittel<\/span> <span class=\"xr_tl xr_kern Normal_text Normal_text_Dark Titel_3\">der Verarbeitung von personenbezogenen Daten (z.B. Namen, E-Mail-Adressen o. \u00c4.) entscheidet.<\/span><\/p>\n<p><span class=\"xr_tl xr_kern Normal_text Normal_text_Dark Titel_3\" style=\"top: 1527.69px; color: #000000; font-family: 'Calibri Bold';\">Widerruf Ihrer Einwilligung zur Datenverarbeitung<br \/>\n<\/span><span class=\"xr_tl xr_kern Normal_text Normal_text_Dark Titel_3\">Viele Datenverarbeitungsvorg\u00e4nge sind nur mit Ihrer ausdr\u00fccklichen Einwilligung m\u00f6glich. Sie k\u00f6nnen eine bereits erteilte Einwilligung<\/span> <span class=\"xr_tl xr_kern Normal_text Normal_text_Dark Titel_3\">jederzeit widerrufen. Dazu reicht eine formlose Mitteilung per E-Mail an uns. Die Rechtm\u00e4\u00dfigkeit der bis zum Widerruf erfolgten<\/span> <span class=\"xr_tl xr_kern Normal_text Normal_text_Dark Titel_3\">Datenverarbeitung bleibt vom Widerruf unber\u00fchrt.<\/span><\/p>\n<p><span class=\"xr_tl xr_kern Normal_text Normal_text_Dark Titel_3\" style=\"top: 1644.87px; color: #000000; font-family: 'Calibri Bold';\">Beschwerderecht bei der zust\u00e4ndigen Aufsichtsbeh\u00f6rde<br \/>\n<\/span><span class=\"xr_tl xr_kern Normal_text Normal_text_Dark Titel_3\">Im Falle datenschutzrechtlicher Verst\u00f6\u00dfe steht dem Betroffenen ein Beschwerderecht bei der zust\u00e4ndigen Aufsichtsbeh\u00f6rde zu.<\/span> <span class=\"xr_tl xr_kern Normal_text Normal_text_Dark Titel_3\">Zust\u00e4ndige Aufsichtsbeh\u00f6rde in datenschutzrechtlichen Fragen ist der Landesdatenschutzbeauftragte des Bundeslandes,<\/span> <span class=\"xr_tl xr_kern Normal_text Normal_text_Dark Titel_3\">in dem unser Unternehmen seinen Sitz hat. Eine Liste der Datenschutzbeauftragten sowie deren Kontaktdaten k\u00f6nnen folgendem Link<\/span> <span class=\"xr_tl xr_kern Normal_text Normal_text_Dark Titel_3\">entnommen werden: <\/span> <span class=\"xr_tl xr_kern Normal_text Normal_text_Dark Titel_3\">https:\/\/www.bfdi.bund.de\/DE\/Infothek\/Anschriften_Links\/anschriften_links-node.html.<\/span><\/p>\n<p><span class=\"xr_tl xr_kern Normal_text Normal_text_Dark Titel_3\" style=\"top: 1820.65px; color: #000000; font-family: 'Calibri Bold';\">Recht auf Daten\u00fcbertragbarkeit<br \/>\n<\/span><span class=\"xr_tl xr_kern Normal_text Normal_text_Dark Titel_3\">Sie haben das Recht, Daten, die wir auf Grundlage Ihrer Einwilligung oder in Erf\u00fcllung eines Vertrags automatisiert verarbeiten, an sich<\/span> <span class=\"xr_tl xr_kern Normal_text Normal_text_Dark Titel_3\">oder an einen Dritten in einem g\u00e4ngigen, maschinenlesbaren Format aush\u00e4ndigen zu lassen. Sofern Sie die direkte \u00dcbertragung der Daten<\/span> <span class=\"xr_tl xr_kern Normal_text Normal_text_Dark Titel_3\">an einen anderen Verantwortlichen verlangen, erfolgt dies nur, soweit es technisch machbar ist.<\/span> <span class=\"xr_tl xr_kern Normal_text Normal_text_Dark Titel_3\">SSL- bzw. TLS-Verschl\u00fcsselung<\/span> <span class=\"xr_tl xr_kern Normal_text Normal_text_Dark Titel_3\">Diese Seite nutzt aus Sicherheitsgr\u00fcnden und zum Schutz der \u00dcbertragung vertraulicher Inhalte, wie zum Beispiel Bestellungen oder Anfragen,<\/span> <span class=\"xr_tl xr_kern Normal_text Normal_text_Dark Titel_3\">die Sie an uns als Seitenbetreiber senden, eine SSL-bzw. TLS-Verschl\u00fcsselung. Eine verschl\u00fcsselte Verbindung erkennen Sie daran,<\/span> <span class=\"xr_tl xr_kern Normal_text Normal_text_Dark Titel_3\">dass die Adresszeile des Browsers von \u201chttp:\/\/\u201d auf \u201chttps:\/\/\u201d wechselt und an dem Schloss-Symbol in Ihrer Browserzeile.<\/span> <span class=\"xr_tl xr_kern Normal_text Normal_text_Dark Titel_3\">Wenn die SSL- bzw. TLS-Verschl\u00fcsselung aktiviert ist, k\u00f6nnen die Daten, die Sie an uns \u00fcbermitteln, nicht von Dritten mitgelesen werden.<\/span> <span class=\"xr_tl xr_kern Normal_text Normal_text_Dark Titel_3\">Auskunft, Sperrung, L\u00f6schung<\/span> <span class=\"xr_tl xr_kern Normal_text Normal_text_Dark Titel_3\">Sie haben im Rahmen der geltenden gesetzlichen Bestimmungen jederzeit das Recht auf unentgeltliche Auskunft \u00fcber Ihre gespeicherten<\/span> <span class=\"xr_tl xr_kern Normal_text Normal_text_Dark Titel_3\">personenbezogenen Daten, deren Herkunft und Empf\u00e4nger und den Zweck der Datenverarbeitung und ggf. ein Recht auf Berichtigung, Sperrung<\/span> <span class=\"xr_tl xr_kern Normal_text Normal_text_Dark Titel_3\">oder L\u00f6schung dieser Daten. Hierzu sowie zu weiteren Fragen zum Thema personenbezogene Daten k\u00f6nnen Sie sich jederzeit unter der im<\/span> <span class=\"xr_tl xr_kern Normal_text Normal_text_Dark Titel_3\">Impressum angegebenen Adresse an uns wenden.<\/span> <span class=\"xr_tl xr_kern Normal_text Normal_text_Dark Titel_3\">Widerspruch gegen Werbe-Mails<\/span> <span class=\"xr_tl xr_kern Normal_text Normal_text_Dark Titel_3\">Der Nutzung von im Rahmen der Impressumspflicht ver\u00f6ffentlichten Kontaktdaten zur \u00dcbersendung von nicht ausdr\u00fccklich angeforderter<\/span> <span class=\"xr_tl xr_kern Normal_text Normal_text_Dark Titel_3\">Werbung und Informationsmaterialien wird hiermit widersprochen. Die Betreiber der Seiten behalten sich ausdr\u00fccklich rechtliche Schritte im Falle<\/span> <span class=\"xr_tl xr_kern Normal_text Normal_text_Dark Titel_3\">der unverlangten Zusendung von Werbeinformationen, etwa durch Spam-E-Mails, vor.<\/span><\/p>\n<p><span class=\"xr_tl xr_kern Normal_text Normal_text_Dark Titel_3\" style=\"top: 2406.57px; color: #000000; font-family: 'Calibri Bold';\">3. Datenerfassung auf unserer Website<\/span> <span class=\"xr_tl xr_kern Normal_text Normal_text_Dark Titel_3\" style=\"top: 2445.63px; color: #000000; font-family: 'Calibri Bold';\">Cookies<\/span><\/p>\n<p><span class=\"xr_tl xr_kern Normal_text Normal_text_Dark Titel_3\">Die Internetseiten verwenden teilweise so genannte Cookies. Cookies richten auf Ihrem Rechner keinen Schaden an und enthalten keine Viren.<\/span> <span class=\"xr_tl xr_kern Normal_text Normal_text_Dark Titel_3\">Cookies dienen dazu, unser Angebot nutzerfreundlicher, effektiver und sicherer zu machen. Cookies sind kleine Textdateien, die auf Ihrem<\/span> <span class=\"xr_tl xr_kern Normal_text Normal_text_Dark Titel_3\">Rechner abgelegt werden und die Ihr Browser speichert.<\/span> <span class=\"xr_tl xr_kern Normal_text Normal_text_Dark Titel_3\">Die meisten der von uns verwendeten Cookies sind so genannte \u201cSession-Cookies\u201d. Sie werden nach Ende Ihres Besuchs automatisch gel\u00f6scht.<\/span> <span class=\"xr_tl xr_kern Normal_text Normal_text_Dark Titel_3\">Andere Cookies bleiben auf Ihrem Endger\u00e4t gespeichert bis Sie diese l\u00f6schen. Diese Cookies erm\u00f6glichen es uns, Ihren Browser beim n\u00e4chsten<\/span> <span class=\"xr_tl xr_kern Normal_text Normal_text_Dark Titel_3\">Besuch wiederzuerkennen.<\/span> <span class=\"xr_tl xr_kern Normal_text Normal_text_Dark Titel_3\">Sie k\u00f6nnen Ihren Browser so einstellen, dass Sie \u00fcber das Setzen von Cookies informiert werden und Cookies nur im Einzelfall erlauben, die<\/span> <span class=\"xr_tl xr_kern Normal_text Normal_text_Dark Titel_3\">Annahme von Cookies f\u00fcr bestimmte F\u00e4lle oder generell ausschlie\u00dfen sowie das automatische L\u00f6schen der Cookies beim Schlie\u00dfen des Browser<\/span> <span class=\"xr_tl xr_kern Normal_text Normal_text_Dark Titel_3\">aktivieren. Bei der Deaktivierung von Cookies kann die Funktionalit\u00e4t dieser Website eingeschr\u00e4nkt sein.<\/span> <span class=\"xr_tl xr_kern Normal_text Normal_text_Dark Titel_3\">Cookies, die zur Durchf\u00fchrung des elektronischen Kommunikationsvorgangs oder zur Bereitstellung bestimmter, von Ihnen erw\u00fcnschter<\/span> <span class=\"xr_tl xr_kern Normal_text Normal_text_Dark Titel_3\">Funktionen (z.B. Warenkorbfunktion) erforderlich sind, werden auf Grundlage von Art. 6 Abs. 1 lit. f DSGVO gespeichert.<\/span> <span class=\"xr_tl xr_kern Normal_text Normal_text_Dark Titel_3\">Der Websitebetreiber hat ein berechtigtes Interesse an der Speicherung von Cookies zur technisch fehlerfreien und optimierten Bereitstellung<\/span> <span class=\"xr_tl xr_kern Normal_text Normal_text_Dark Titel_3\">seiner Dienste. Soweit andere Cookies (z.B. Cookies zur Analyse Ihres Surfverhaltens) gespeichert werden, werden diese in dieser<\/span> <span class=\"xr_tl xr_kern Normal_text Normal_text_Dark Titel_3\">Datenschutzerkl\u00e4rung gesondert behandelt.<\/span><\/p>\n<p><span class=\"xr_tl xr_kern Normal_text Normal_text_Dark Titel_3\" style=\"top: 2836.24px; color: #000000; font-family: 'Calibri Bold';\">Server-Log-Dateien<br \/>\n<\/span><span class=\"xr_tl xr_kern Normal_text Normal_text_Dark Titel_3\">Der Provider der Seiten erhebt und speichert automatisch Informationen in so genannten Server-Log-Dateien, die Ihr Browser automatisch<\/span> <span class=\"xr_tl xr_kern Normal_text Normal_text_Dark Titel_3\">an uns \u00fcbermittelt. Dies sind:<\/span> <span class=\"xr_tl xr_kern Normal_text Normal_text_Dark Titel_3\">\u2022 Browsertyp und Browserversion<\/span> <span class=\"xr_tl xr_kern Normal_text Normal_text_Dark Titel_3\">\u2022 verwendetes Betriebssystem<\/span> <span class=\"xr_tl xr_kern Normal_text Normal_text_Dark Titel_3\">\u2022 Referrer URL<\/span> <span class=\"xr_tl xr_kern Normal_text Normal_text_Dark Titel_3\">\u2022 Hostname des zugreifenden Rechners<\/span> <span class=\"xr_tl xr_kern Normal_text Normal_text_Dark Titel_3\">\u2022 Uhrzeit der Serveranfrage<\/span> <span class=\"xr_tl xr_kern Normal_text Normal_text_Dark Titel_3\">\u2022 IP-Adresse<\/span> <span class=\"xr_tl xr_kern Normal_text Normal_text_Dark Titel_3\">Eine Zusammenf\u00fchrung dieser Daten mit anderen Datenquellen wird nicht vorgenommen.<\/span> <span class=\"xr_tl xr_kern Normal_text Normal_text_Dark Titel_3\">Grundlage f\u00fcr die Datenverarbeitung ist Art. 6 Abs. 1 lit. b DSGVO, der die Verarbeitung von Daten zur Erf\u00fcllung eines Vertrags oder vorvertraglicher<\/span> <span class=\"xr_tl xr_kern Normal_text Normal_text_Dark Titel_3\">Ma\u00dfnahmen gestattet.<\/span><\/p>\n<p><span class=\"xr_tl xr_kern Normal_text Normal_text_Dark Titel_3\" style=\"top: 3265.92px; color: #000000; font-family: 'Calibri Bold';\">Kontaktformular<br \/>\n<\/span><span class=\"xr_tl xr_kern Normal_text Normal_text_Dark Titel_3\">Wenn Sie uns per Kontaktformular Anfragen zukommen lassen, werden Ihre Angaben aus dem Anfrageformular inklusive der von Ihnen dort angegebenen<\/span> <span class=\"xr_tl xr_kern Normal_text Normal_text_Dark Titel_3\">Kontaktdaten zwecks Bearbeitung der Anfrage und f\u00fcr den Fall von Anschlussfragen bei uns gespeichert. Diese Daten geben wir nicht ohne Ihre<\/span> <span class=\"xr_tl xr_kern Normal_text Normal_text_Dark Titel_3\">Einwilligung weiter.<\/span> <span class=\"xr_tl xr_kern Normal_text Normal_text_Dark Titel_3\">Die Verarbeitung der in das Kontaktformular eingegebenen Daten erfolgt somit ausschlie\u00dflich auf Grundlage Ihrer Einwilligung (Art. 6 Abs. 1 lit. a DSGVO).<\/span> <span class=\"xr_tl xr_kern Normal_text Normal_text_Dark Titel_3\">Sie k\u00f6nnen diese Einwilligung jederzeit widerrufen. Dazu reicht eine formlose Mitteilung per E-Mail an uns. Die Rechtm\u00e4\u00dfigkeit der bis zum Widerruf<\/span> <span class=\"xr_tl xr_kern Normal_text Normal_text_Dark Titel_3\">erfolgten Datenverarbeitungsvorg\u00e4nge bleibt vom Widerruf unber\u00fchrt.<\/span> <span class=\"xr_tl xr_kern Normal_text Normal_text_Dark Titel_3\">Die von Ihnen im Kontaktformular eingegebenen Daten verbleiben bei uns, bis Sie uns zur L\u00f6schung auffordern, Ihre Einwilligung zur Speicherung widerrufen<\/span> <span class=\"xr_tl xr_kern Normal_text Normal_text_Dark Titel_3\">oder der Zweck f\u00fcr die Datenspeicherung entf\u00e4llt (z.B. nach abgeschlossener Bearbeitung Ihrer Anfrage). Zwingende gesetzliche Bestimmungen \u2013 insbesondere<\/span> <span class=\"xr_tl xr_kern Normal_text Normal_text_Dark Titel_3\">Aufbewahrungsfristen \u2013 bleiben unber\u00fchrt.<\/span><\/p>\n<p><span class=\"xr_tl xr_kern Normal_text Normal_text_Dark Titel_3\" style=\"top: 3539.35px; color: #000000; font-family: 'Calibri Bold';\">4. Soziale Medien<\/span><\/p>\n<p><span class=\"xr_tl xr_kern Normal_text Normal_text_Dark Titel_3\">Inhalte teilen \u00fcber Plugins (Facebook, Twitter, Google+)<\/span> <span class=\"xr_tl xr_kern Normal_text Normal_text_Dark Titel_3\">Die Inhalte auf unseren Seiten k\u00f6nnen datenschutzkonform in sozialen Netzwerken wie Facebook, Twitter oder Google+ geteilt werden. Das Tool des Providers<\/span> <span class=\"xr_tl xr_kern Normal_text Normal_text_Dark Titel_3\">stellt den direkten Kontakt zwischen den Netzwerken und Nutzern erst dann her, wenn der Nutzer aktiv auf einen dieser Button klickt.<\/span> <span class=\"xr_tl xr_kern Normal_text Normal_text_Dark Titel_3\">Eine automatische \u00dcbertragung von Nutzerdaten an die Betreiber dieser Plattformen erfolgt durch dieses Tool nicht. Ist der Nutzer bei einem der sozialen<\/span> <span class=\"xr_tl xr_kern Normal_text Normal_text_Dark Titel_3\">Netzwerke angemeldet, erscheint bei der Nutzung der Social-Buttons von Facebook, Google+1, Twitter &amp; Co. ein Informations-Fenster, in dem der Nutzer den Text<\/span> <span class=\"xr_tl xr_kern Normal_text Normal_text_Dark Titel_3\">vor dem Absenden best\u00e4tigen kann.<\/span> <span class=\"xr_tl xr_kern Normal_text Normal_text_Dark Titel_3\">Unsere Nutzer k\u00f6nnen die Inhalte dieser Seite datenschutzkonform in sozialen Netzwerken teilen, ohne dass komplette Surf-Profile durch die Betreiber der<\/span> <span class=\"xr_tl xr_kern Normal_text Normal_text_Dark Titel_3\">Netzwerke erstellt werden.<\/span><\/p>\n<p><span class=\"xr_tl xr_kern Normal_text Normal_text_Dark Titel_3\">5. Plugins und Tools<\/span><\/p>\n<p><span class=\"xr_tl xr_kern Normal_text Normal_text_Dark Titel_3\">Google Web Fonts<br \/>\n<\/span><span class=\"xr_tl xr_kern Normal_text Normal_text_Dark Titel_3\">Diese Seite nutzt zur einheitlichen Darstellung von Schriftarten so genannte Web Fonts, die von Google bereitgestellt werden. Beim Aufruf einer Seite l\u00e4dt Ihr<\/span> <span class=\"xr_tl xr_kern Normal_text Normal_text_Dark Titel_3\">Browser die ben\u00f6tigten Web Fonts in ihren Browsercache, um Texte und Schriftarten korrekt anzuzeigen.<\/span> <span class=\"xr_tl xr_kern Normal_text Normal_text_Dark Titel_3\">Zu diesem Zweck muss der von Ihnen verwendete Browser Verbindung zu den Servern von Google aufnehmen. Hierdurch erlangt Google Kenntnis dar\u00fcber,<\/span> <span class=\"xr_tl xr_kern Normal_text Normal_text_Dark Titel_3\">dass \u00fcber Ihre IP-Adresse unsere Website aufgerufen wurde. Die Nutzung von Google Web Fonts erfolgt im Interesse einer einheitlichen und ansprechenden<\/span> <span class=\"xr_tl xr_kern Normal_text Normal_text_Dark Titel_3\">Darstellung unserer Online-Angebote. Dies stellt ein berechtigtes Interesse im Sinne von Art. 6 Abs. 1 lit. f DSGVO dar.<\/span> <span class=\"xr_tl xr_kern Normal_text Normal_text_Dark Titel_3\">Wenn Ihr Browser Web Fonts nicht unterst\u00fctzt, wird eine Standardschrift von Ihrem Computer genutzt.<\/span> <span class=\"xr_tl xr_kern Normal_text Normal_text_Dark Titel_3\">Weitere Informationen zu Google Web Fonts finden Sie unter https:\/\/developers.google.com\/fonts\/faq und in der Datenschutzerkl\u00e4rung von Google:<\/span> <span class=\"xr_tl xr_kern Normal_text Normal_text_Dark Titel_3\">https:\/\/www.google.com\/policies\/privacy\/.<\/span><\/p>\n<p><span class=\"xr_tl xr_kern Normal_text Normal_text_Dark Titel_3\">Google Maps<br \/>\n<\/span><span class=\"xr_tl xr_kern Normal_text Normal_text_Dark Titel_3\">Diese Seite nutzt \u00fcber eine API den Kartendienst Google Maps. Anbieter ist die Google Inc., 1600 Amphitheatre Parkway, Mountain View, CA 94043, USA.<\/span> <span class=\"xr_tl xr_kern Normal_text Normal_text_Dark Titel_3\">Zur Nutzung der Funktionen von Google Maps ist es notwendig, Ihre IP Adresse zu speichern. Diese Informationen werden in der Regel an einen Server<\/span> <span class=\"xr_tl xr_kern Normal_text Normal_text_Dark Titel_3\">von Google in den USA \u00fcbertragen und dort gespeichert. Der Anbieter dieser Seite hat keinen Einfluss auf diese Daten\u00fcbertragung.<\/span> <span class=\"xr_tl xr_kern Normal_text Normal_text_Dark Titel_3\">Die Nutzung von Google Maps erfolgt im Interesse einer ansprechenden Darstellung unserer Online-Angebote und an einer leichten Auffindbarkeit der von<\/span> <span class=\"xr_tl xr_kern Normal_text Normal_text_Dark Titel_3\">uns auf der Website angegebenen Orte. Dies stellt ein berechtigtes Interesse im Sinne von Art. 6 Abs. 1 lit. f DSGVO dar.<\/span> <span class=\"xr_tl xr_kern Normal_text Normal_text_Dark Titel_3\">Mehr Informationen zum Umgang mit Nutzerdaten finden Sie in der Datenschutzerkl\u00e4rung von Google:<\/span> <span class=\"xr_tl xr_kern Normal_text Normal_text_Dark Titel_3\">https:\/\/www.google.de\/intl\/de\/policies\/privacy\/.<\/span><\/p>\n","protected":false},"excerpt":{"rendered":"<p>1. Allgemeine Hinweise Die folgenden Hinweise geben einen einfachen \u00dcberblick dar\u00fcber, was mit Ihren personenbezogenen Daten passiert, wenn Sie unsere Website besuchen. Personenbezogene Daten sind alle Daten, mit denen Sie pers\u00f6nlich identifiziert werden k\u00f6nnen. Ausf\u00fchrliche Informationen zum Thema Datenschutz entnehmen Sie unserer unter diesem Text aufgef\u00fchrten Datenschutzerkl\u00e4rung. Datenerfassung auf unserer Website Wer ist verantwortlich f\u00fcr die Datenerfassung auf dieser Website? Die Datenverarbeitung auf dieser Website erfolgt durch den Websitebetreiber. Dessen Kontaktdaten k\u00f6nnen Sie dem Impressum dieser Website entnehmen. Wie erfassen &hellip; <\/p>\n","protected":false},"author":1,"featured_media":0,"parent":0,"menu_order":0,"comment_status":"closed","ping_status":"closed","template":"","meta":{"ngg_post_thumbnail":0,"footnotes":""},"class_list":["post-26","page","type-page","status-publish","hentry"],"_links":{"self":[{"href":"http:\/\/www.musik-zum-tagesausklang.de\/index.php?rest_route=\/wp\/v2\/pages\/26","targetHints":{"allow":["GET"]}}],"collection":[{"href":"http:\/\/www.musik-zum-tagesausklang.de\/index.php?rest_route=\/wp\/v2\/pages"}],"about":[{"href":"http:\/\/www.musik-zum-tagesausklang.de\/index.php?rest_route=\/wp\/v2\/types\/page"}],"author":[{"embeddable":true,"href":"http:\/\/www.musik-zum-tagesausklang.de\/index.php?rest_route=\/wp\/v2\/users\/1"}],"replies":[{"embeddable":true,"href":"http:\/\/www.musik-zum-tagesausklang.de\/index.php?rest_route=%2Fwp%2Fv2%2Fcomments&post=26"}],"version-history":[{"count":7,"href":"http:\/\/www.musik-zum-tagesausklang.de\/index.php?rest_route=\/wp\/v2\/pages\/26\/revisions"}],"predecessor-version":[{"id":1066,"href":"http:\/\/www.musik-zum-tagesausklang.de\/index.php?rest_route=\/wp\/v2\/pages\/26\/revisions\/1066"}],"wp:attachment":[{"href":"http:\/\/www.musik-zum-tagesausklang.de\/index.php?rest_route=%2Fwp%2Fv2%2Fmedia&parent=26"}],"curies":[{"name":"wp","href":"https:\/\/api.w.org\/{rel}","templated":true}]}}